{"id":37663,"date":"2025-11-28T15:31:31","date_gmt":"2025-11-28T14:31:31","guid":{"rendered":"https:\/\/wpserwis.cfolks.pl\/r2\/?post_type=obiekt&#038;p=37663"},"modified":"2025-12-18T10:48:59","modified_gmt":"2025-12-18T09:48:59","slug":"przystan-marina-zegrze","status":"publish","type":"obiekt","link":"https:\/\/wpserwis.cfolks.pl\/r2\/obiekt\/przystan-marina-zegrze\/","title":{"rendered":"Przysta\u0144 Marina Zegrze"},"content":{"rendered":"<p>Dzia\u0142alno\u015b\u0107 spo\u0142eczna naszych cz\u0142onk\u00f3w, ich wysokie kwalifikacje wodniackie, pozwalaja na wdrozenie szerokiej oferty mog\u0105cej zadowoli\u0107 tych wszystkich, kt\u00f3rzy poszukuj\u0105 mo\u017cliwo\u015bci realizowania swojej pasji wodniackiej. Zgodnie z sugestiami u\u017cytkownik\u00f3w O\u015brodka corocznie rozszerzamy swoj\u0105 oferte, z roku na rok rozbudowujemy infrastruktur\u0119. Usytuowanie osrodka (falochron) ogranicza du\u017ce zafalowanie wody w porcie i skutki dzia\u0142ania silnych wiatrow.<\/p>\n<p>W odleg\u0142o\u015bci 300 m znajduja sie przystanek PKS. trzy sklepy spozywoze (jeden 24h), sklep wedkarski, poczta,trzy bary, kaplica rzymsko-katollicka.<\/p>\n<h4>Osrodek otwarty jest w godzinach:<\/h4>\n<ul>\n<li>10.00 do 18.00 dla wszystkich<\/li>\n<li>ca\u0142odobowo dla za\u0142\u00f3g jacht\u00f3w (za okazaniem przepustki)<\/li>\n<li><strong>UWAGA! Biuro Portu \u201eOSW Marina\u201d nieczynne w poniedzia\u0142ki i wtorki!<\/strong><\/li>\n<\/ul>\n    <style>\n        #acf-gallery-69f27c4f41db1 {\n            display: grid;\n            gap: 20px;\n            grid-template-columns: repeat(1, 1fr);\n        }\n        @media (min-width: 768px) {\n            #acf-gallery-69f27c4f41db1 {\n                grid-template-columns: repeat(4, 1fr);\n            }\n        }\n        .acf-photo-item img {\n            width: 100%;\n            height: auto;\n            display: block;\n        }\n    <\/style>\n\n    <div class=\"acf-photo-gallery-wrapper my-5 \">\n        <div id=\"acf-gallery-69f27c4f41db1\" class=\"acf-photo-gallery-grid\">\n            \n            \n            <figure class=\"acf-photo-item\" style=\"margin: 0;\">\n                                    <a href=\"https:\/\/wpserwis.cfolks.pl\/r2\/wp-content\/uploads\/2025\/11\/Port-015-2048x1536-1.jpg\" \n                       class=\"foobox acf-photo-link\" \n                       rel=\"gallery-37663\" \n                       title=\"Widok na marin\u0119 z drona\"\n                       data-caption=\"Widok na marin\u0119 z drona\">\n                        <img decoding=\"async\" width=\"750\" height=\"350\" src=\"https:\/\/wpserwis.cfolks.pl\/r2\/wp-content\/uploads\/2025\/11\/Port-015-2048x1536-1-750x350.jpg\" class=\"attachment-obiekt_image size-obiekt_image\" alt=\"Widok na marin\u0119 z drona\" loading=\"lazy\" title=\"Widok na marin\u0119 z drona\" \/>                    <\/a>\n                \n                                    <!-- <figcaption class=\"acf-photo-caption\" style=\"margin-top: 8px; font-size: 0.9em;\">\n                        Widok na marin\u0119 z drona                    <\/figcaption> -->\n                                \n                <div class=\"blue-bar\"><\/div>\n            <\/figure>\n\n            \n            <figure class=\"acf-photo-item\" style=\"margin: 0;\">\n                                    <a href=\"https:\/\/wpserwis.cfolks.pl\/r2\/wp-content\/uploads\/2025\/11\/Port-040-2048x1536-2.jpg\" \n                       class=\"foobox acf-photo-link\" \n                       rel=\"gallery-37663\" \n                       title=\"Widok na marin\u0119 z drona\"\n                       data-caption=\"Widok na marin\u0119 z drona\">\n                        <img decoding=\"async\" width=\"750\" height=\"350\" src=\"https:\/\/wpserwis.cfolks.pl\/r2\/wp-content\/uploads\/2025\/11\/Port-040-2048x1536-2-750x350.jpg\" class=\"attachment-obiekt_image size-obiekt_image\" alt=\"Widok na marin\u0119 z drona\" loading=\"lazy\" title=\"Widok na marin\u0119 z drona\" \/>                    <\/a>\n                \n                                    <!-- <figcaption class=\"acf-photo-caption\" style=\"margin-top: 8px; font-size: 0.9em;\">\n                        Widok na marin\u0119 z drona                    <\/figcaption> -->\n                                \n                <div class=\"blue-bar\"><\/div>\n            <\/figure>\n\n            \n            <figure class=\"acf-photo-item\" style=\"margin: 0;\">\n                                    <a href=\"https:\/\/wpserwis.cfolks.pl\/r2\/wp-content\/uploads\/2025\/11\/Port-041-2048x1536-1.jpg\" \n                       class=\"foobox acf-photo-link\" \n                       rel=\"gallery-37663\" \n                       title=\"Widok na marin\u0119 z drona\"\n                       data-caption=\"Widok na marin\u0119 z drona\">\n                        <img decoding=\"async\" width=\"750\" height=\"350\" src=\"https:\/\/wpserwis.cfolks.pl\/r2\/wp-content\/uploads\/2025\/11\/Port-041-2048x1536-1-750x350.jpg\" class=\"attachment-obiekt_image size-obiekt_image\" alt=\"Widok na marin\u0119 z drona\" loading=\"lazy\" title=\"Widok na marin\u0119 z drona\" \/>                    <\/a>\n                \n                                    <!-- <figcaption class=\"acf-photo-caption\" style=\"margin-top: 8px; font-size: 0.9em;\">\n                        Widok na marin\u0119 z drona                    <\/figcaption> -->\n                                \n                <div class=\"blue-bar\"><\/div>\n            <\/figure>\n\n            \n            <figure class=\"acf-photo-item\" style=\"margin: 0;\">\n                                    <a href=\"https:\/\/wpserwis.cfolks.pl\/r2\/wp-content\/uploads\/2025\/11\/Port-065-2048x1536-1.jpg\" \n                       class=\"foobox acf-photo-link\" \n                       rel=\"gallery-37663\" \n                       title=\"Widok na marin\u0119 z drona\"\n                       data-caption=\"Widok na marin\u0119 z drona\">\n                        <img decoding=\"async\" width=\"750\" height=\"350\" src=\"https:\/\/wpserwis.cfolks.pl\/r2\/wp-content\/uploads\/2025\/11\/Port-065-2048x1536-1-750x350.jpg\" class=\"attachment-obiekt_image size-obiekt_image\" alt=\"Widok na marin\u0119 z drona\" loading=\"lazy\" title=\"Widok na marin\u0119 z drona\" \/>                    <\/a>\n                \n                                    <!-- <figcaption class=\"acf-photo-caption\" style=\"margin-top: 8px; font-size: 0.9em;\">\n                        Widok na marin\u0119 z drona                    <\/figcaption> -->\n                                \n                <div class=\"blue-bar\"><\/div>\n            <\/figure>\n\n                    <\/div>\n    <\/div>\n    \n","protected":false},"excerpt":{"rendered":"<p>OSW&#8221;Marina&#8221; zarz\u0105dzany jest przez Warszawskie Towarzystwo Wio\u015blarskie za\u0142o\u017cone w 1878r.\u00a0O\u015brodek przeznaczony jest do szkolenia dzieci i m\u0142odzie\u017cy, tworzenia warunk\u00f3w do czynnego\u00a0uprawiania sport\u00f3w wodnych i aktywnego wypoczynku na wodzie dla cz\u0142onk\u00f3w klubu. cz\u0142onk\u00f3w\u00a0wspieraj\u0105cych, osob prywatnych i firm. Dzia\u0142amy w oparciu o zasad\u0119 &#8222;no profit&#8221; (bez zarobku)<\/p>\n","protected":false},"featured_media":37664,"parent":0,"menu_order":2,"template":"","meta":{"_acf_changed":false},"class_list":["post-37663","obiekt","type-obiekt","status-publish","has-post-thumbnail","hentry"],"acf":[],"_links":{"self":[{"href":"https:\/\/wpserwis.cfolks.pl\/r2\/wp-json\/wp\/v2\/obiekt\/37663","targetHints":{"allow":["GET"]}}],"collection":[{"href":"https:\/\/wpserwis.cfolks.pl\/r2\/wp-json\/wp\/v2\/obiekt"}],"about":[{"href":"https:\/\/wpserwis.cfolks.pl\/r2\/wp-json\/wp\/v2\/types\/obiekt"}],"wp:featuredmedia":[{"embeddable":true,"href":"https:\/\/wpserwis.cfolks.pl\/r2\/wp-json\/wp\/v2\/media\/37664"}],"wp:attachment":[{"href":"https:\/\/wpserwis.cfolks.pl\/r2\/wp-json\/wp\/v2\/media?parent=37663"}],"curies":[{"name":"wp","href":"https:\/\/api.w.org\/{rel}","templated":true}]}}