{"id":37665,"date":"2025-11-28T15:35:35","date_gmt":"2025-11-28T14:35:35","guid":{"rendered":"https:\/\/wpserwis.cfolks.pl\/r2\/?post_type=obiekt&#038;p=37665"},"modified":"2025-12-20T16:28:18","modified_gmt":"2025-12-20T15:28:18","slug":"foksal-19","status":"publish","type":"obiekt","link":"https:\/\/wpserwis.cfolks.pl\/r2\/obiekt\/foksal-19\/","title":{"rendered":"Foksal 19"},"content":{"rendered":"<p>Ten poka\u017any dom z \u017c\u00f3\u0142tej klinkierowej ceg\u0142y, zbudowany w stylu neogotyckim, przetrwa\u0142 wojenne zawieruchy, jedynie w 1944 r. wn\u0119trze strawi\u0142 po\u017car. Odnowiony po wojnie, obecnie obj\u0119ty jest ochron\u0105 konserwatora zabytk\u00f3w. Zbudowano go w latach 1895-1897 na dzia\u0142ce podarowanej WTW przez hrabiego Ksawerego Branickiego, wed\u0142ug projektu Bronis\u0142awa Brochwicz-Rogoyskiego. Niezwykle bogata fasada ozdobiona jest alegoryczn\u0105 rze\u017ab\u0105 Hipolita Malczewskiego, przedstawiaj\u0105c\u0105 Wis\u0142\u0119. Na koszty budowy z\u0142o\u017cyli si\u0119 cz\u0142onkowie Towarzystwa (!). <\/p>\n<p>Ten budynek zacz\u0105\u0142 stanowi\u0107 ca\u0142oroczn\u0105 baz\u0119 WTW, umo\u017cliwia\u0142 bowiem  tak\u017ce aktywno\u015b\u0107 cz\u0142onk\u00f3w w zimie \u2013 uprawianie szermierki, gimnastyki, by\u0142 miejscem zebra\u0144, posiada\u0142 restauracj\u0119 i sal\u0119 balow\u0105. Jedna ze \u015bcian olbrzymiej sali balowej by\u0142a ozdobiona dzie\u0142em znanego malarza Henryka Siemiradzkiego, obrazuj\u0105cym warszawsk\u0105 Syrenk\u0119 na tle Starego Miasta. Ta nasza wspania\u0142a siedziba sta\u0142a si\u0119 szybko popularnym miejscem spotka\u0144 elity Warszawy. Dla sportowc\u00f3w by\u0142y dost\u0119pne szatnie i dwie sale gimnastyczne \u2013 tu panowa\u0142 stale du\u017cy ruch naszej m\u0142odzie\u017cy. Tu odbywa\u0142 pr\u00f3by i dawa\u0142 koncerty ch\u00f3r cz\u0142onk\u00f3w WTW o nazwie \u201eDuda\u201d. Nale\u017cy tak\u017ce wspomnie\u0107, \u017ce w tym czasie cz\u0142onkami WTW byli mi\u0119dzy innymi Boles\u0142aw Prus i Henryk Sienkiewicz, a cz\u0119sto bywa\u0142 na Foksal Stefan \u017beromski oraz inne znane osobisto\u015bci, co  zosta\u0142o odnotowane w warszawskich kronikach.  Dzia\u0142alno\u015b\u0107 Towarzystwa znacz\u0105co przyczynia\u0142a si\u0119 do wychowania spo\u0142ecze\u0144stwa w duchu patriotycznym i spo\u0142ecznym. Bale WTW  urz\u0105dzane w karnawale cieszy\u0142y si\u0119 wielk\u0105 popularno\u015bci\u0105. Budynek dzisiaj, s\u0142u\u017cy nadal naszemu Towarzystwu.<\/p>\n    <style>\n        #acf-gallery-69f27b2d6ea56 {\n            display: grid;\n            gap: 20px;\n            grid-template-columns: repeat(1, 1fr);\n        }\n        @media (min-width: 768px) {\n            #acf-gallery-69f27b2d6ea56 {\n                grid-template-columns: repeat(4, 1fr);\n            }\n        }\n        .acf-photo-item img {\n            width: 100%;\n            height: auto;\n            display: block;\n        }\n    <\/style>\n\n    <div class=\"acf-photo-gallery-wrapper my-5 \">\n        <div id=\"acf-gallery-69f27b2d6ea56\" class=\"acf-photo-gallery-grid\">\n            \n            \n            <figure class=\"acf-photo-item\" style=\"margin: 0;\">\n                                    <a href=\"https:\/\/wpserwis.cfolks.pl\/r2\/wp-content\/uploads\/2025\/11\/Czlonkowie-WTW-przed-gmachem-Foksal-19-784x1024-1.jpg\" \n                       class=\"foobox acf-photo-link\" \n                       rel=\"gallery-37665\" \n                       title=\"Cz\u0142onkowie WTW przed gmachem Foksal 19\"\n                       data-caption=\"Cz\u0142onkowie WTW przed gmachem Foksal 19\">\n                        <img decoding=\"async\" width=\"750\" height=\"350\" src=\"https:\/\/wpserwis.cfolks.pl\/r2\/wp-content\/uploads\/2025\/11\/Czlonkowie-WTW-przed-gmachem-Foksal-19-784x1024-1-750x350.jpg\" class=\"attachment-obiekt_image size-obiekt_image\" alt=\"Cz\u0142onkowie WTW przed gmachem Foksal 19\" loading=\"lazy\" title=\"Cz\u0142onkowie WTW przed gmachem Foksal 19\" \/>                    <\/a>\n                \n                                    <!-- <figcaption class=\"acf-photo-caption\" style=\"margin-top: 8px; font-size: 0.9em;\">\n                        Cz\u0142onkowie WTW przed gmachem Foksal 19                    <\/figcaption> -->\n                                \n                <div class=\"blue-bar\"><\/div>\n            <\/figure>\n\n            \n            <figure class=\"acf-photo-item\" style=\"margin: 0;\">\n                                    <a href=\"https:\/\/wpserwis.cfolks.pl\/r2\/wp-content\/uploads\/2025\/11\/Foksal-19.jpg\" \n                       class=\"foobox acf-photo-link\" \n                       rel=\"gallery-37665\" \n                       title=\"Foksal 19\"\n                       data-caption=\"Foksal 19\">\n                        <img decoding=\"async\" width=\"750\" height=\"350\" src=\"https:\/\/wpserwis.cfolks.pl\/r2\/wp-content\/uploads\/2025\/11\/Foksal-19-750x350.jpg\" class=\"attachment-obiekt_image size-obiekt_image\" alt=\"Foksal 19\" loading=\"lazy\" title=\"Foksal 19\" \/>                    <\/a>\n                \n                                    <!-- <figcaption class=\"acf-photo-caption\" style=\"margin-top: 8px; font-size: 0.9em;\">\n                        Foksal 19                    <\/figcaption> -->\n                                \n                <div class=\"blue-bar\"><\/div>\n            <\/figure>\n\n            \n            <figure class=\"acf-photo-item\" style=\"margin: 0;\">\n                                    <a href=\"https:\/\/wpserwis.cfolks.pl\/r2\/wp-content\/uploads\/2025\/11\/IMG_0793.jpg\" \n                       class=\"foobox acf-photo-link\" \n                       rel=\"gallery-37665\" \n                       title=\"Tablica na budynku\"\n                       data-caption=\"Tablica na budynku\">\n                        <img decoding=\"async\" width=\"750\" height=\"350\" src=\"https:\/\/wpserwis.cfolks.pl\/r2\/wp-content\/uploads\/2025\/11\/IMG_0793-750x350.jpg\" class=\"attachment-obiekt_image size-obiekt_image\" alt=\"Tablica na budynku\" loading=\"lazy\" title=\"Tablica na budynku\" \/>                    <\/a>\n                \n                                    <!-- <figcaption class=\"acf-photo-caption\" style=\"margin-top: 8px; font-size: 0.9em;\">\n                        Tablica na budynku                    <\/figcaption> -->\n                                \n                <div class=\"blue-bar\"><\/div>\n            <\/figure>\n\n            \n            <figure class=\"acf-photo-item\" style=\"margin: 0;\">\n                                    <a href=\"https:\/\/wpserwis.cfolks.pl\/r2\/wp-content\/uploads\/2025\/11\/IMG_0794.jpg\" \n                       class=\"foobox acf-photo-link\" \n                       rel=\"gallery-37665\" \n                       title=\"Tablica na budynku\"\n                       data-caption=\"Tablica na budynku\">\n                        <img decoding=\"async\" width=\"750\" height=\"350\" src=\"https:\/\/wpserwis.cfolks.pl\/r2\/wp-content\/uploads\/2025\/11\/IMG_0794-750x350.jpg\" class=\"attachment-obiekt_image size-obiekt_image\" alt=\"Tablica na budynku\" loading=\"lazy\" title=\"Tablica na budynku\" \/>                    <\/a>\n                \n                                    <!-- <figcaption class=\"acf-photo-caption\" style=\"margin-top: 8px; font-size: 0.9em;\">\n                        Tablica na budynku                    <\/figcaption> -->\n                                \n                <div class=\"blue-bar\"><\/div>\n            <\/figure>\n\n            \n            <figure class=\"acf-photo-item\" style=\"margin: 0;\">\n                                    <a href=\"https:\/\/wpserwis.cfolks.pl\/r2\/wp-content\/uploads\/2025\/11\/img292-2048x1488-1.jpg\" \n                       class=\"foobox acf-photo-link\" \n                       rel=\"gallery-37665\" \n                       title=\"FOKSAL &#8211; ZDJ\u0118CIE PRZED II WOJN\u0104 \u015aW.\"\n                       data-caption=\"FOKSAL - ZDJ\u0118CIE PRZED II WOJN\u0104 \u015aW.\">\n                        <img decoding=\"async\" width=\"750\" height=\"350\" src=\"https:\/\/wpserwis.cfolks.pl\/r2\/wp-content\/uploads\/2025\/11\/img292-2048x1488-1-750x350.jpg\" class=\"attachment-obiekt_image size-obiekt_image\" alt=\"FOKSAL - ZDJ\u0118CIE PRZED II WOJN\u0104 \u015aW.\" loading=\"lazy\" title=\"FOKSAL &#8211; ZDJ\u0118CIE PRZED II WOJN\u0104 \u015aW.\" \/>                    <\/a>\n                \n                                    <!-- <figcaption class=\"acf-photo-caption\" style=\"margin-top: 8px; font-size: 0.9em;\">\n                        FOKSAL - ZDJ\u0118CIE PRZED II WOJN\u0104 \u015aW.                    <\/figcaption> -->\n                                \n                <div class=\"blue-bar\"><\/div>\n            <\/figure>\n\n            \n            <figure class=\"acf-photo-item\" style=\"margin: 0;\">\n                                    <a href=\"https:\/\/wpserwis.cfolks.pl\/r2\/wp-content\/uploads\/2025\/11\/Odjazd-na-front-czlonkow-Oddzialu-Wartowniczego-WTW-sprzed-siedziby-klubowej-28.08.1920r.-z-daram-kopia.jpg\" \n                       class=\"foobox acf-photo-link\" \n                       rel=\"gallery-37665\" \n                       title=\"ODJAZD NA FRONT ODDZIA\u0141U WARTOWNICZEGO 1920r.\"\n                       data-caption=\"ODJAZD NA FRONT ODDZIA\u0141U WARTOWNICZEGO 1920r.\">\n                        <img decoding=\"async\" width=\"750\" height=\"350\" src=\"https:\/\/wpserwis.cfolks.pl\/r2\/wp-content\/uploads\/2025\/11\/Odjazd-na-front-czlonkow-Oddzialu-Wartowniczego-WTW-sprzed-siedziby-klubowej-28.08.1920r.-z-daram-kopia-750x350.jpg\" class=\"attachment-obiekt_image size-obiekt_image\" alt=\"ODJAZD NA FRONT ODDZIA\u0141U WARTOWNICZEGO 1920r.\" loading=\"lazy\" title=\"ODJAZD NA FRONT ODDZIA\u0141U WARTOWNICZEGO 1920r.\" \/>                    <\/a>\n                \n                                    <!-- <figcaption class=\"acf-photo-caption\" style=\"margin-top: 8px; font-size: 0.9em;\">\n                        ODJAZD NA FRONT ODDZIA\u0141U WARTOWNICZEGO 1920r.                    <\/figcaption> -->\n                                \n                <div class=\"blue-bar\"><\/div>\n            <\/figure>\n\n            \n            <figure class=\"acf-photo-item\" style=\"margin: 0;\">\n                                    <a href=\"https:\/\/wpserwis.cfolks.pl\/r2\/wp-content\/uploads\/2025\/11\/tradycyjny-doroczny-bal-maskowy.jpg\" \n                       class=\"foobox acf-photo-link\" \n                       rel=\"gallery-37665\" \n                       title=\"ROKROCZNY BAL MASKOWY &#8222;MIGDA\u0141OWY KR\u00d3L&#8221;\"\n                       data-caption=\"ROKROCZNY BAL MASKOWY &quot;MIGDA\u0141OWY KR\u00d3L&quot;\">\n                        <img decoding=\"async\" width=\"750\" height=\"350\" src=\"https:\/\/wpserwis.cfolks.pl\/r2\/wp-content\/uploads\/2025\/11\/tradycyjny-doroczny-bal-maskowy-750x350.jpg\" class=\"attachment-obiekt_image size-obiekt_image\" alt=\"ROKROCZNY BAL MASKOWY &quot;MIGDA\u0141OWY KR\u00d3L&quot;\" loading=\"lazy\" title=\"ROKROCZNY BAL MASKOWY &#8222;MIGDA\u0141OWY KR\u00d3L&#8221;\" \/>                    <\/a>\n                \n                                    <!-- <figcaption class=\"acf-photo-caption\" style=\"margin-top: 8px; font-size: 0.9em;\">\n                        ROKROCZNY BAL MASKOWY &quot;MIGDA\u0141OWY KR\u00d3L&quot;                    <\/figcaption> -->\n                                \n                <div class=\"blue-bar\"><\/div>\n            <\/figure>\n\n            \n            <figure class=\"acf-photo-item\" style=\"margin: 0;\">\n                                    <a href=\"https:\/\/wpserwis.cfolks.pl\/r2\/wp-content\/uploads\/2025\/11\/tradycyjny-sledz-w-sali-balowej-Foksal.jpg\" \n                       class=\"foobox acf-photo-link\" \n                       rel=\"gallery-37665\" \n                       title=\"&#8222;TRADYCYJNY \u015aLED\u0179&#8221; W SALI BALOWEJ\"\n                       data-caption=\"&quot;TRADYCYJNY \u015aLED\u0179&quot; W SALI BALOWEJ\">\n                        <img decoding=\"async\" width=\"750\" height=\"350\" src=\"https:\/\/wpserwis.cfolks.pl\/r2\/wp-content\/uploads\/2025\/11\/tradycyjny-sledz-w-sali-balowej-Foksal-750x350.jpg\" class=\"attachment-obiekt_image size-obiekt_image\" alt=\"&quot;TRADYCYJNY \u015aLED\u0179&quot; W SALI BALOWEJ\" loading=\"lazy\" title=\"&#8222;TRADYCYJNY \u015aLED\u0179&#8221; W SALI BALOWEJ\" \/>                    <\/a>\n                \n                                    <!-- <figcaption class=\"acf-photo-caption\" style=\"margin-top: 8px; font-size: 0.9em;\">\n                        &quot;TRADYCYJNY \u015aLED\u0179&quot; W SALI BALOWEJ                    <\/figcaption> -->\n                                \n                <div class=\"blue-bar\"><\/div>\n            <\/figure>\n\n                    <\/div>\n    <\/div>\n    \n","protected":false},"excerpt":{"rendered":"<p>Ten poka\u017any dom z \u017c\u00f3\u0142tej klinkierowej ceg\u0142y, zbudowany w stylu neogotyckim, przetrwa\u0142 wojenne zawieruchy, jedynie w 1944 r. wn\u0119trze strawi\u0142 po\u017car. Odnowiony po wojnie, obecnie obj\u0119ty jest ochron\u0105 konserwatora zabytk\u00f3w. Zbudowano go w latach 1895-1897 na dzia\u0142ce podarowanej WTW przez hrabiego Ksawerego Branickiego, wed\u0142ug projektu Bronis\u0142awa Brochwicz-Rogoyskiego.<\/p>\n","protected":false},"featured_media":37870,"parent":0,"menu_order":3,"template":"","meta":{"_acf_changed":false},"class_list":["post-37665","obiekt","type-obiekt","status-publish","has-post-thumbnail","hentry"],"acf":[],"_links":{"self":[{"href":"https:\/\/wpserwis.cfolks.pl\/r2\/wp-json\/wp\/v2\/obiekt\/37665","targetHints":{"allow":["GET"]}}],"collection":[{"href":"https:\/\/wpserwis.cfolks.pl\/r2\/wp-json\/wp\/v2\/obiekt"}],"about":[{"href":"https:\/\/wpserwis.cfolks.pl\/r2\/wp-json\/wp\/v2\/types\/obiekt"}],"wp:featuredmedia":[{"embeddable":true,"href":"https:\/\/wpserwis.cfolks.pl\/r2\/wp-json\/wp\/v2\/media\/37870"}],"wp:attachment":[{"href":"https:\/\/wpserwis.cfolks.pl\/r2\/wp-json\/wp\/v2\/media?parent=37665"}],"curies":[{"name":"wp","href":"https:\/\/api.w.org\/{rel}","templated":true}]}}