{"id":15722,"date":"2017-06-16T14:24:35","date_gmt":"2017-06-16T12:24:35","guid":{"rendered":"http:\/\/wtw1.home.pl\/www_wtwnowa\/?page_id=15722"},"modified":"2025-12-20T20:44:39","modified_gmt":"2025-12-20T19:44:39","slug":"turystyka-zeglarstwo","status":"publish","type":"page","link":"https:\/\/wpserwis.cfolks.pl\/r2\/turystyka-zeglarstwo\/","title":{"rendered":"Sekcja Turystyki \u017beglarskiej i Motorowodnej \u2013 WTW"},"content":{"rendered":"<h5>Sekcja Turystyki \u017beglarskiej I Motorowodnej &#8211; WTW<\/h5>\n<p>Sekcja Turystyki \u017beglarskiej i Motorowodnej WTW zrzesza \u017ceglarzy i motorowodniak\u00f3w zainteresowanych szeroko poj\u0119t\u0105 turystyk\u0105 wodniack\u0105. ST\u017biM dzia\u0142a w oparciu o Statut Towarzystwa, Regulaminy Towarzystwa, Regulamin Sekcji.<\/p>\n<h5>W\u0142adze ST\u017biM<\/h5>\n<ul>\n<li><strong>Komandor Sekcji &#8211; dh Grzegorz Kawi\u0144ski<\/strong><\/li>\n<li><strong>Z-ca Komandora Sekcji &#8211; dh Daria Mostowska<\/strong><\/li>\n<li><strong>Sekretarz &#8211; dh S\u0142awomir Smoli\u0144ski<\/strong><\/li>\n<\/ul>\n<p>W\u0142adze ST\u017biM s\u0105 wybierane spo\u015br\u00f3d cz\u0142onk\u00f3w sekcji i podlegaj\u0105 Zarz\u0105dowi WTW.<\/p>\n<p>W roku 2008 decyzj\u0105 Zarz\u0105du&nbsp; Warszawskiego Towarzystwa Wio\u015blarskiego,&nbsp; Marina \u2013 Zegrze sta\u0142a si\u0119 wodniack\u0105 baz\u0105 ST\u017biM co stwarza cz\u0142onkom WTW ogromne mo\u017cliwo\u015bci dzia\u0142ania, ale jednocze\u015bnie nak\u0142ada na nich obowi\u0105zek spo\u0142ecznej pracy dla jej pomy\u015blnego rozwoju.<\/p>\n<p>&nbsp;<\/p>\n<p>Dzia\u0142alno\u015b\u0107 ST\u017biM oparta jest na rocznym planie pracy sporz\u0105dzonym przez Kierownictwo Sekcji, zatwierdzonym przez Zebranie Sekcji i zaakceptowanym przez Zarz\u0105d WTW.<\/p>\n<p>&nbsp;<\/p>\n<p>Plan pracy sekcji obejmuje wykaz dzia\u0142a\u0144 podejmowanych grupowo lub indywidualnie przez cz\u0142onk\u00f3w ST\u017biM w zakresie uczestnictwa i zorganizowania:<\/p>\n<ul>\n<li>szkole\u0144 na stopnie \u017ceglarskie i motorowodne<\/li>\n<li>rejs\u00f3w<\/li>\n<li>imprez towarzyskich<\/li>\n<li>prac spo\u0142ecznych itp.<\/li>\n<\/ul>\n<p>&nbsp;<\/p>\n<p>Plan finansowy wynikaj\u0105cy z planu pracy ST\u017biM uj\u0119ty jest w bud\u017cecie WTW.<\/p>\n<p>&nbsp;<\/p>\n<p>Corocznie, Kierownictwo Sekcji, na zebraniu jej cz\u0142onk\u00f3w przedstawia sprawozdanie z wykonania planu pracy i planu finansowego.<\/p>\n<p><a href=\"\/r2\/galeria\/bal-karnawalowy-stz\/\">Bal karnawa\u0142owy &#8211; stycze\u0144 2016<\/a><\/p>\n<p><a href=\"\/r2\/galeria\/zawody-wedkarskie\/\">Zawody w\u0119dkarskie &#8211; pa\u017adziernik 2015<\/a><\/p>\n<p><a href=\"\/r2\/galeria\/regaty-o-puchar-mariny\/\">Regaty o Puchar Mariny &#8211; wrzesie\u0144 2015<\/a><\/p>\n<p><a href=\"\/r2\/galeria\/regaty-o-puchar-prezesa-wtw\/\">Regaty o Puchar Prezesa WTW wrzesie\u0144 2015<\/a><\/p>\n<p><a href=\"\/r2\/galeria\/otwarcie-sezonu-23-05-2015\/\">Otwarcie sezonu 2015<\/a><\/p>\n<p><a href=\"\/r2\/galeria\/bal-karnawalowy-stzim\/\">Zabawa karnawa\u0142owa &#8211; stycze\u0144 2015<\/a><\/p>\n<p><a href=\"\/r2\/galeria\/wigilia-stz\/\">Wigilia &#8211; grudzie\u0144 2013<\/a><\/p>\n<p><a href=\"\/r2\/galeria\/piknik-stz\/\">Piknik &#8211; maj 2013<\/a><\/p>\n<p><a href=\"\/r2\/galeria\/bal-karnawalowy-stz\/\">Bal Karnawa\u0142owy 2013<\/a><\/p>\n<p><a href=\"\/r2\/galeria\/dzien-otwarty\/\">Dzie\u0144 otwarty Marina &#8211; wrzesie\u0144 2012<\/a><\/p>\n<p><a href=\"\/r2\/galeria\/regaty-o-puchar-prezesa-wtw-galeria\/\">Regaty o Puchar Prezesa WTW &#8211; 2011<\/a><\/p>\n<p><a href=\"\/r2\/galeria\/sart-w-marinie-18-09-2011\/\">SART w Marinie &#8211; 2011<\/a><\/p>\n<p><a href=\"\/r2\/galeria\/dni-zegrza-2011\/\">Dzie\u0144 otwarty Mariny &#8211; 2011<\/a><\/p>\n<p>&nbsp;<\/p>\n<p>Cz\u0142onkiem Sekcji Turystyki \u017beglarskiej i Motorowodnej Warszawskiego Towarzystwa Wio\u015blarskiego mo\u017ce zosta\u0107 ka\u017cda osoba pe\u0142noletnia spe\u0142niaj\u0105ca nast\u0119puj\u0105ce warunki:<\/p>\n<ul>\n<li>zg\u0142oszenie deklaracji kandydata<\/li>\n<li>uzyskanie podpis\u00f3w dw\u00f3ch cz\u0142onk\u00f3w wprowadzaj\u0105cych<\/li>\n<li>uzyskanie akceptacji komandora ST\u017biM<\/li>\n<li>uzyskanie akceptacji Zarz\u0105du Towarzystwa<\/li>\n<li>wp\u0142ata wpisowego<\/li>\n<li>odbycie rocznego sta\u017cu kandydackiego (udzia\u0142 w zebraniach, pracach sekcji, imprezach organizowanych przez ST\u017biM lub WTW, pracach spo\u0142ecznych itp.)<\/li>\n<\/ul>\n<p>&nbsp;<\/p>\n<p>Po odbyciu sta\u017cu, dzia\u0142alno\u015b\u0107 kandydata oceniana jest przez Kierownictwo Sekcji i w przypadku oceny pozytywnej Kierownik ST\u017biM zg\u0142asza kandydata do Zarz\u0105du WTW w celu przyj\u0119cia go<\/p>\n<p>w poczet cz\u0142onk\u00f3w. Pozytywn\u0105 decyzj\u0105 Zarz\u0105du WTW stajesz si\u0119 Cz\u0142onkiem Zwyczajnym Towarzystwa a legitymacja cz\u0142onkowska wr\u0119czona Ci zostanie na uroczysto\u015bci otwarcia lub zamkni\u0119cia sezonu nawigacyjnego.<\/p>\n<p>&nbsp;<\/p>\n<p>Je\u015bli jeste\u015b zainteresowana lub zainteresowany wsp\u00f3ln\u0105 prac\u0105 na rzecz wodniactwa <strong>przyjd\u017a do nas &#8211; CZEKAMY<\/strong>, je\u015bli chcesz tylko klubowych zni\u017cek&nbsp;<strong>ODPU\u015a\u0106 sobie \u2013 to nie ma sensu<\/strong>.<\/p>\n","protected":false},"excerpt":{"rendered":"<p>Sekcja Turystyki \u017beglarskiej I Motorowodnej &#8211; WTW Sekcja Turystyki \u017beglarskiej i Motorowodnej WTW zrzesza \u017ceglarzy i motorowodniak\u00f3w zainteresowanych szeroko poj\u0119t\u0105 turystyk\u0105 wodniack\u0105. ST\u017biM dzia\u0142a w oparciu o Statut Towarzystwa, Regulaminy Towarzystwa, Regulamin Sekcji. W\u0142adze ST\u017biM Komandor Sekcji &#8211; dh Grzegorz Kawi\u0144ski Z-ca Komandora Sekcji &#8211; dh Daria Mostowska Sekretarz &#8211; dh S\u0142awomir Smoli\u0144ski W\u0142adze ST\u017biM [&hellip;]<\/p>\n","protected":false},"author":1,"featured_media":0,"parent":0,"menu_order":0,"comment_status":"closed","ping_status":"closed","template":"","meta":{"_acf_changed":false,"footnotes":""},"class_list":["post-15722","page","type-page","status-publish","hentry"],"acf":[],"_links":{"self":[{"href":"https:\/\/wpserwis.cfolks.pl\/r2\/wp-json\/wp\/v2\/pages\/15722","targetHints":{"allow":["GET"]}}],"collection":[{"href":"https:\/\/wpserwis.cfolks.pl\/r2\/wp-json\/wp\/v2\/pages"}],"about":[{"href":"https:\/\/wpserwis.cfolks.pl\/r2\/wp-json\/wp\/v2\/types\/page"}],"author":[{"embeddable":true,"href":"https:\/\/wpserwis.cfolks.pl\/r2\/wp-json\/wp\/v2\/users\/1"}],"replies":[{"embeddable":true,"href":"https:\/\/wpserwis.cfolks.pl\/r2\/wp-json\/wp\/v2\/comments?post=15722"}],"version-history":[{"count":2,"href":"https:\/\/wpserwis.cfolks.pl\/r2\/wp-json\/wp\/v2\/pages\/15722\/revisions"}],"predecessor-version":[{"id":38047,"href":"https:\/\/wpserwis.cfolks.pl\/r2\/wp-json\/wp\/v2\/pages\/15722\/revisions\/38047"}],"wp:attachment":[{"href":"https:\/\/wpserwis.cfolks.pl\/r2\/wp-json\/wp\/v2\/media?parent=15722"}],"curies":[{"name":"wp","href":"https:\/\/api.w.org\/{rel}","templated":true}]}}