{"id":20404,"date":"2018-06-20T08:01:42","date_gmt":"2018-06-20T06:01:42","guid":{"rendered":"http:\/\/www.wtw.waw.pl\/cookie-policy\/"},"modified":"2018-06-20T08:01:42","modified_gmt":"2018-06-20T06:01:42","slug":"politytka-prywatnosci","status":"publish","type":"page","link":"https:\/\/wpserwis.cfolks.pl\/r2\/politytka-prywatnosci\/","title":{"rendered":"Polityka prywatno\u015bci"},"content":{"rendered":"<h2 style=\"margin-top: 30px;\">Administrator danych<\/h2>\n<p>Ten dokument (<strong>\u201cPolityka prywatno\u015bci\u201d<\/strong>) opisuje to w jaki spos\u00f3b Warszawskie Towarzystwo Wio\u015blarskie z siedzib\u0105 w Warszawie, adres: ul. Zaruskiego 12, 00-468 Warszawa, wpisan\u0105 do Rejestru Stowarzysze\u0144 prowadzonego przez S\u0105d Rejonowy dla m.st. Warszawy, XII Wydzia\u0142 Gospodarczy Krajowego Rejestru S\u0105dowego pod numerem KRS 000070956, posiadaj\u0105cej NIP 5260001269 (<strong>\u201cMy\/Administrator\u201d<\/strong>) przetwarza dane osobowe (<strong>\u201cDane\u201d<\/strong>) naszych cz\u0142onk\u00f3w, uczestnik\u00f3w organizowanych przez nas zawod\u00f3w czy imprez o charakterze sportowym, os\u00f3b kontaktuj\u0105cych si\u0119 z nami w r\u00f3\u017cnych celach a tak\u017ce os\u00f3b odwiedzaj\u0105cych nasz\u0105 stron\u0119 internetow\u0105 <a href=\"https:\/\/wpserwis.cfolks.pl\/r2\/\">wpserwis.cfolks.pl\/r2\/<\/a>  (<strong>\u201cStrona\u201d<\/strong>). <\/p>\n<h2 style=\"margin-top: 30px;\">Troszczymy si\u0119 o Twoj\u0105 prywatno\u015b\u0107 <\/h2>\n<p>Dlatego za ka\u017cdym razem, gdy uzyskujemy dost\u0119p do Twoich Danych, upewniamy si\u0119, \u017ce s\u0105 one przetwarzane zgodnie z obowi\u0105zuj\u0105cym prawem oraz z zachowaniem najwy\u017cszych standard\u00f3w prywatno\u015bci i bezpiecze\u0144stwa. Przede wszystkim przetwarzamy Twoje Dane zgodnie z Rozporz\u0105dzeniem Parlamentu Europejskiego i Rady (UE) 2016\/679 z dnia 27 kwietnia 2016 r. w sprawie ochrony os\u00f3b fizycznych w zwi\u0105zku z przetwarzaniem danych osobowych i w sprawie swobodnego przep\u0142ywu takich danych oraz uchylenia dyrektywy 95\/46\/WE (og\u00f3lne rozporz\u0105dzenie o ochronie danych) (\u201c<strong>RODO<\/strong>\u201d). Stosujemy rygorystyczne \u015brodki techniczne i organizacyjne w celu zabezpieczenia wszystkich przetwarzanych przez nas Danych przed utrat\u0105, zniszczeniem lub nieautoryzowanym dost\u0119pem os\u00f3b trzecich. <\/p>\n<h2 style=\"margin-top: 30px;\">\u0179r\u00f3d\u0142o pozyskiwanych Danych<\/h2>\n<p style=\"text-decoration: underline; font-weight: bold;\">je\u017celi jeste\u015b uczestnikiem organizowanych przez nas zawod\u00f3w czy imprez o charakterze sportowym:<\/p>\n<p>Twoje Dane pozyskali\u015bmy bezpo\u015brednio od Ciebie, Twoich rodzic\u00f3w (opiekun\u00f3w prawnych), Twojej szko\u0142y albo innej instytucji (np. klubu sportowego), kt\u00f3r\u0105 reprezentujesz w zwi\u0105zku z uczestnictwem w organizowanych przez nas zawodach lub imprezach o charakterze sportowym.<\/p>\n<p style=\"text-decoration: underline; font-weight: bold;\">w ka\u017cdym innym przypadku:<\/p>\n<p>Twoje Dane pozyskali\u015bmy bezpo\u015brednio od Ciebie lub od podmiotu, w kt\u00f3rego imieniu i na jego rzecz dzia\u0142asz w zwi\u0105zku z negocjowaniem, zawieraniem, realizacj\u0105 umowy zawartej z nami umowy lub w zwi\u0105zku z procesem jej archiwizacji. Mo\u017cemy r\u00f3wnie\u017c przetwarza\u0107 Dane, kt\u00f3re pozyskali\u015bmy z publicznie dost\u0119pnych baz danych, np. Centralna Ewidencja i Informacja o Dzia\u0142alno\u015bci Gospodarczej lub Krajowy Rejestr S\u0105dowy.<\/p>\n<p>Danymi, kt\u00f3re pozyskujemy <span style=\"text-decoration: underline; font-weight: bold;\">w zale\u017cno\u015bci od cel\u00f3w ich przetwarzania<\/span>, w szczeg\u00f3lno\u015bci mog\u0105 by\u0107:<\/p>\n<ul style=\"padding-left: 30px !important;\">\n<li>podstawowe dane identyfikuj\u0105ce (imi\u0119 i nazwisko),<\/li>\n<li>firma\/nazwa instytucji,<\/li>\n<li>dane kontaktowe (nr telefonu, adres e-mail),<\/li>\n<li>dane adresowe (adres zamieszkania),<\/li>\n<li>dane dotycz\u0105ce numer\u00f3w identyfikacyjnych (seria i nr dowodu osobistego, PESEL, NIP),<\/li>\n<li>informacje dot. mocodawcy,<\/li>\n<li>dane dotycz\u0105ce posiadanego obywatelstwa,<\/li>\n<li>informacje dotycz\u0105ce do\u015bwiadczenia zawodowego.<\/li>\n<\/ul>\n<h2 style=\"margin-top: 30px;\">Niekt\u00f3re Dane pozyskujemy w spos\u00f3b automatyczny <\/h2>\n<p>Nasza Strona, gdy z niej korzystasz mo\u017ce zbiera\u0107 niekt\u00f3re Dane automatycznie. Mo\u017cemy uzyskiwa\u0107 informacje w spos\u00f3b zautomatyzowany, np. za pomoc\u0105 plik\u00f3w cookie przegl\u0105darki, pikseli, dziennik\u00f3w serwera sieciowego, sygna\u0142\u00f3w nawigacyjnych i innych technologii. Informacje jakie zbieramy w ten spos\u00f3b mog\u0105 obejmowa\u0107: <\/p>\n<ol style=\"list-style-type: lower-alpha; padding-left: 30px !important;\">\n<li>Dane dotycz\u0105ce Twojego urz\u0105dzenia, w tym adres IP, informacje o logach, model urz\u0105dzenia, informacje o subskrypcji, ustawienia urz\u0105dzenia, po\u0142\u0105czenia z innymi urz\u0105dzeniami, operator sieci kom\u00f3rkowej, charakterystyka przegl\u0105darki internetowej, informacje o korzystaniu z aplikacji, kod dost\u0119pu, aktualna wersja oprogramowania, MNC, informacje o subskrypcji oraz losowe, nietrwa\u0142e i mo\u017cliwe do ponownego ustawienia identyfikatory urz\u0105dzenia, takie jak identyfikator us\u0142ugi spersonalizowanej (lub PSID), oraz identyfikatory reklam, w tym identyfikator reklam Google; <\/li>\n<li>Dane dotycz\u0105ce korzystania przez Ciebie ze Strony, w tym Dane dotycz\u0105ce strumienia klikni\u0119\u0107, Twoich interakcji ze Stron\u0105 (takie jak odwiedzane strony internetowe, wyszukiwane has\u0142a oraz u\u017cywane aplikacje i funkcje), strony, kt\u00f3re doprowadzi\u0142y lub skierowa\u0142y Ci\u0119 do Strony, daty i godziny korzystania z niej; oraz korzystania przez Ciebie z witryn, aplikacji i funkcji innych firm, kt\u00f3re s\u0105 powi\u0105zane z naszymi us\u0142ugami; <\/li>\n<li>Dane dotycz\u0105ce korzystania przez Ciebie z witryn internetowych, aplikacji i funkcji stron trzecich, kt\u00f3re s\u0105 powi\u0105zane z Naszymi us\u0142ugami. <\/li>\n<\/ol>\n<h2 style=\"margin-top: 30px;\">Cele i podstawy prawne przetwarzania Danych<\/h2>\n<ol style=\"list-style-type: lower-alpha; padding-left: 30px !important;\">\n<li><strong>Cz\u0142onkostwo w Warszawskim Towarzystwie Wio\u015blarskim.<\/strong> Przetwarzamy Twoje Dane w celu realizacji stosunku cz\u0142onkostwa. Podstaw\u0105 prawn\u0105 przetwarzania jest art. 6 ust. 1 lit b RODO. Okres retencji dla takiego przetwarzania wynosi okres przez jaki jeste\u015b Naszym cz\u0142onkiem.<\/li>\n<li><strong>Uczestnictwo z zawodach lub imprezach o charakterze sportowym.<\/strong> Przetwarzamy Twoje Dane w celu organizacji, przeprowadzenia danej imprezy oraz publikacji jej wynik\u00f3w. Podstaw\u0105 prawn\u0105 takiego przetwarzania jest art. 6 ust. 1 lit. b RODO oraz w przypadku Twojego wizerunku art. 6 ust. 1 lit. b. RODO. Dane osobowe uczestnik\u00f3w s\u0105 usuwane niezw\u0142ocznie od jej zako\u0144czenia, natomiast dane osobowe dotycz\u0105ce wynik\u00f3w uczestnik\u00f3w oraz wizerunku utrwalonego na zdj\u0119ciach z imprezy podlegaj\u0105 publikacji zgodnie z regulaminem danej imprezy i s\u0105 przetwarzane do czasu skutecznego zg\u0142oszenia sprzeciwu.<\/li>\n<li><strong>\u015awiadczenie us\u0142ug<\/strong>. Wykorzystujemy Twoje Dane do:\n<ol style=\"list-style-type: lower-alpha; padding-left: 30px !important;\">\n<li>wiadczenia na Twoj\u0105 rzecz us\u0142ug, a tak\u017ce do przyjmowania lub dokonywania p\u0142atno\u015bci z nimi zwi\u0105zanych lub kontaktowania si\u0119 z Tob\u0105 w tej sprawie. Podstaw\u0105 prawn\u0105 przetwarzania jest niezb\u0119dno\u015b\u0107 do wykonania umowy, kt\u00f3rej Ty jeste\u015b stron\u0105 (Artyku\u0142 6 ust. 1. lit. b RODO). Okres retencji dla takiego przetwarzania danych trwa do momentu zako\u0144czenia \u0142\u0105cz\u0105cej nas umowy; <\/li>\n<li>zawarcia lub wykonania umowy pomi\u0119dzy nami a podmiotem, z kt\u00f3rym jeste\u015b powi\u0105zany lub kt\u00f3ry reprezentujesz (np. Klienta, kontrahenta lub innego podmiotu kontaktuj\u0105cego si\u0119 z nami). Podstaw\u0105 prawn\u0105 przetwarzania jest uzasadniony interes Administratora w postaci realizacji zawartych um\u00f3w (Artyku\u0142 6 ust. 1. lit. f RODO). Okres retencji dla takiego przetwarzania danych trwa do momentu wykonania, rozwi\u0105zania lub wyga\u015bni\u0119cia umowy zawartej z tym podmiotem. <\/li>\n<\/ol>\n<\/li>\n<li><strong>Rekrutacja<\/strong>. Przetwarzamy Twoje Dane przes\u0142ane do nas w ramach proces\u00f3w prowadzonych przez nas lub na nasz\u0105 rzecz proces\u00f3w rekrutacyjnych. Podstaw\u0105 prawn\u0105 przetwarzania jest:\n<ol style=\"list-style-type: lower-alpha; padding-left: 30px !important;\">\n<li>w przypadku informacji okre\u015blonych w Kodeksie pracy artyku\u0142 6 ust. 1 lit. c RODO (wype\u0142nienie obowi\u0105zku prawnego ci\u0105\u017c\u0105cego na administratorze);<\/li>\n<li>w pozosta\u0142ym zakresie artyku\u0142 6 ust. 1 lit. b RODO (wykonanie umowy) \u2013 przetwarzanie jest niezb\u0119dne do zawarcia z Tob\u0105 umowy; a tak\u017ce<\/li>\n<li>informacje nie zwi\u0105zane z Twoimi kwalifikacjami czy osi\u0105gni\u0119ciami zawodowymi (np. zdj\u0119cie, zainteresowania) przetwarzamy na podstawie artyku\u0142u 6 ust. 1 lit. a RODO (zgoda); i<\/li>\n<li>informacje, kt\u00f3re dobrowolnie nam przekaza\u0142e\u015b b\u0119d\u0105ce danymi szczeg\u00f3lnej kategorii przetwarzamy na podstawie art. 9 ust. 2 lit. a RODO (zgoda). Przekazane Dane przetwarzamy w celu prowadzenia rekrutacji na stanowisko wskazane przez nas w og\u0142oszeniu o prac\u0119 w okresie od momentu otrzymania zg\u0142oszenia do chwili zako\u0144czenia rekrutacji, jednak nie d\u0142u\u017cej ni\u017c przez okres roku od jego otrzymania. Je\u017celi wyrazi\u0142e\u015b zgod\u0119 na przetwarzanie Danych w ramach przysz\u0142ych proces\u00f3w rekrutacji, b\u0119dziemy Twoje Dane przetwarza\u0107 do czasu wycofania tej zgody, nie d\u0142u\u017cej jednak ni\u017c w ci\u0105gu roku od chwili jej wyra\u017cenia. Dane przetwarzane na podstawie zgody przetwarzamy do czasu jej wycofania lub z chwil\u0105 zako\u0144czenia przetwarzania pozosta\u0142ych Danych danego kandydata.<\/li>\n<\/ol>\n<\/li>\n<li><strong>Rozpatrywanie Twoich \u017c\u0105da\u0144<\/strong>. B\u0119dziemy przetwarza\u0107 Twoje Dane, aby odpowiedzie\u0107 na Twoje pro\u015bby lub reklamacje. Podstaw\u0105 prawn\u0105 przetwarzania danych jest uzasadniony interes administratora (Artyku\u0142 6 ust. 1 lit. f RODO). Tym uzasadnionym interesem jest umo\u017cliwienie nam w\u0142a\u015bciwej obs\u0142ugi Twojej reklamacji. Okres retencji dla takiego przetwarzania trwa do czasu przedawnienia roszcze\u0144 wynikaj\u0105cych ze z\u0142o\u017conych przez Ciebie pr\u00f3\u015bb lub reklamacji. <\/li>\n<li><strong>Przestrzeganie obowi\u0105zk\u00f3w wynikaj\u0105cych z prawa, norm i standard\u00f3w<\/strong> bran\u017cowych oraz wewn\u0119trznych regulacji Administratora, w tym Polityki prywatno\u015bci. W niekt\u00f3rych przypadkach gromadzimy i wykorzystujemy Twoje Dane w celu zachowania zgodno\u015bci z przepisami prawa, na przyk\u0142ad Dane dotycz\u0105ce rozlicze\u0144 s\u0105 przetwarzane w celu wype\u0142nienia obowi\u0105zk\u00f3w podatkowych i ksi\u0119gowych. Podstaw\u0105 prawn\u0105 przetwarzania danych jest konieczno\u015b\u0107 wype\u0142nienia obowi\u0105zku prawnego ci\u0105\u017c\u0105cego na Administratorze (Artyku\u0142 6 ust. 1 lit. c RODO). Okres retencji takich danych trwa do czasu, gdy stosowne przepisy prawa uprawniaj\u0105 Nas do ich przetwarzania. Z regu\u0142y okres retencji takich Danych wynosi 5 lat liczonych od ko\u0144ca roku w jakim mia\u0142o miejsce zdarzenie zwi\u0105zane z tymi Danymi.<\/li>\n<li><strong>Kontakt<\/strong>. U\u017cywamy Twoich danych do komunikacji z Tob\u0105 za po\u015brednictwem r\u00f3\u017cnych kana\u0142\u00f3w. Podstaw\u0105 prawn\u0105 przetwarzania danych jest uzasadniony interes administratora (art. 6 ust. 1 lit. f RODO). Tym uzasadnionym interesem jest zapewnienie w\u0142a\u015bciwej komunikacji z Tob\u0105. Okres retencji dla takiego przetwarzania danych trwa do momentu wniesienia sprzeciwu wobec przetwarzania, w ka\u017cdym razie nie d\u0142u\u017cej ni\u017c 5 lat. <\/li>\n<li><strong>Dochodzenie i obrona roszcze\u0144<\/strong>. Przetwarzamy Twoje Dane w celu dochodzenia lub obrony naszych roszcze\u0144 lub interes\u00f3w. Podstaw\u0105 prawna takie przetwarzania jest uzasadniony interes Administratora art. 6 ust. 1 lit. f RODO). Tym uzasadnionym interesem jest dochodzenia roszcze\u0144 lub obrona praw przys\u0142uguj\u0105ce Administratorowi. Dane s\u0105 przechowywane przez okres istnienia prawnie uzasadnionego interesu realizowanego przez nas, nie d\u0142u\u017cej jednak ni\u017c przez okres przedawnienia roszcze\u0144 (podstawowy termin przedawnienia dla roszcze\u0144 wynosi 6 lat).<\/li>\n<li><strong>Archiwalnych<\/strong>. Mo\u017cemy przetwarza\u0107 Twoje Dane osobowe w celach udokumentowania wydarze\u0144 czy fakt\u00f3w, kt\u00f3re dla istnienia i funkcjonowania Naszego stowarzyszenia s\u0105 dla Nas istotne w zwi\u0105zku z realizacj\u0105 Naszych zada\u0144 statutowych. Podstaw\u0105 prawn\u0105 takiego przetwarzania jest uzasadniony interes Administratora (art. 6 ust. 1 lit f RODO) polegaj\u0105cy na gromadzeniu informacji historycznych dotycz\u0105cych istnienia i funkcjonowania Naszego stowarzyszenia. Takie Dane b\u0119dziemy przetwarza\u0107 do czasu skutecznego zg\u0142oszenia sprzeciwu.<\/li>\n<li><strong>Analiza i personalizacja Strony<\/strong>.U\u017cywamy Twoich Danych w celu personalizacji tre\u015bci oraz analizy Strony i ruchu w sieci. W tym celu u\u017cywamy plik\u00f3w cookie. Podstaw\u0105 prawn\u0105 przetwarzania jest uzasadniony interes realizowany przez Administratora (art. 6 ust. 1 lit. f RODO), polegaj\u0105cy na analizie aktywno\u015bci u\u017cytkownika w celu optymalizacji \u015bwiadczonych us\u0142ug. Okres przechowywania takich danych trwa do czasu skutecznego wniesienia sprzeciwu wobec ich przetwarzania, jednak nie d\u0142u\u017cej ni\u017c jest to niezb\u0119dne do cel\u00f3w takiego przetwarzania.<\/li>\n<li><strong>Stosowanie monitoringu budynku WTW<\/strong> \u2013 przetwarzamy Dane sk\u0142adaj\u0105ce si\u0119 z: Twojego wizerunku oraz Twoich cech szczeg\u00f3lnych na podstawie uzasadnionego interesu Administratora (art. 6 ust. 1 lit f RODO) jakim jest zapewnienie bezpiecze\u0144stwa pracownik\u00f3w lub ochrony mienia zgodnie z art. 22(2) Kodeksu pracy. Nagranie obejmuje teren wok\u00f3\u0142 budynku do drzwi budynku biura w Warszawie. Nagrania s\u0105 usuwane po 30 dniach.<\/li>\n<\/ol>\n<h2 style=\"margin-top: 30px;\">Dobrowolne podanie Danych <\/h2>\n<p>Podanie Danych jest dobrowolne. Jednak\u017ce, bez otrzymania niezb\u0119dnych Danych, mo\u017cemy nie by\u0107 w stanie wykona\u0107 niekt\u00f3rych dzia\u0142a\u0144 zleconych przez Ciebie lub z Tob\u0105 zwi\u0105zanych, dopu\u015bci\u0107 Ci\u0119 do uczestnictwa w zawodach czy imprezie organizowanej przez Nas. A tak\u017ce bez podania Danych niezb\u0119dnych do rozpocz\u0119cia \u015bwiadczenia naszych us\u0142ug i nie mo\u017cemy \u015bwiadczy\u0107 na Twoj\u0105 rzecz us\u0142ug &#8211; ich przekazanie jest zatem warunkiem zawarcia z Nami umowy. <\/p>\n<h2 style=\"margin-top: 30px;\">Odbiorcy Danych <\/h2>\n<p>W niekt\u00f3rych sytuacjach mo\u017cemy by\u0107 zmuszeni do udost\u0119pnienia Twoich Danych stronom trzecim, takim jak: <\/p>\n<ol style=\"list-style-type: lower-alpha; padding-left: 30px !important;\">\n<li><strong>zewn\u0119trzni dostawcy us\u0142ug<\/strong> &#8211; zatrudniamy inne firmy i osoby do wykonywania zada\u0144 w naszym imieniu. Przyk\u0142ady obejmuj\u0105, \u015bwiadczenie wsparcia marketingowego, \u015bwiadczenie us\u0142ug prawnych i ksi\u0119gowych. Tego rodzaju us\u0142ugodawcy zewn\u0119trzni maj\u0105 dost\u0119p do danych u\u017cytkownika w zakresie niezb\u0119dnym do wykonywania swoich funkcji, ale nie mog\u0105 ich wykorzystywa\u0107 do innych cel\u00f3w. Ponadto musz\u0105 oni przetwarza\u0107 Dane osobowe zgodnie z postanowieniami um\u00f3w o powierzeniu przetwarzania danych i obowi\u0105zuj\u0105cymi przepisami o ochronie danych; <\/li>\n<li><strong>organy publiczne<\/strong> &#8211; w zwi\u0105zku z prowadzonymi przez nie post\u0119powaniami na podstawie w\u0142a\u015bciwych przepis\u00f3w prawa. <\/li>\n<\/ol>\n<h2 style=\"margin-top: 30px;\">Przekazywanie danych do pa\u0144stw spoza Europejskiego Obszaru Gospodarczego<\/h2>\n<p>Nie przekazujemy i nie planujemy przekazywa\u0107 Dane u\u017cytkownik\u00f3w pochodz\u0105cych z Europejskiego Obszaru Gospodarczego do pa\u0144stw spoza tego obszaru.<br \/>\nJe\u017celi zajdzie konieczno\u015b\u0107 przekazania Danych do us\u0142ugodawc\u00f3w lub innych stron trzecich poza Europejskiego Obszaru Gospodarczego, dokonamy takiego transferu tylko do: <\/p>\n<ol style=\"list-style-type: lower-alpha; padding-left: 30px !important;\">\n<li>podmiot\u00f3w zlokalizowanych w krajach, w kt\u00f3rych Komisja UE stwierdzi\u0142a odpowiedni stopie\u0144 ochrony w rozumieniu art. 45 ust. 3 RODO; <\/li>\n<li>w przypadku braku takiej decyzji, podstaw\u0105 prawn\u0105 przekazywania Danych jest umowa oparta o standardowe klauzule umowne stanowi\u0105ce zbi\u00f3r zasad przyj\u0119tych przez Komisj\u0119 Europejsk\u0105, kt\u00f3re zgodnie z art. 46 RODO zapewniaj\u0105 bezpiecze\u0144stwo przekazania Danych; <\/li>\n<li>na podstawie Twojej zgody (art. 49 ust. 1 lit. a) RODO). W\u00f3wczas o takim transferze Danych zostaniesz przez nas poinformowany.<\/li>\n<\/ol>\n<h2 style=\"margin-top: 30px;\">Twoje prawa<\/h2>\n<p>W zwi\u0105zku z przetwarzaniem przez nas Twoich Danych przys\u0142uguje Ci szereg uprawnie\u0144, takich jak:<\/p>\n<ul style=\"padding-left: 30px !important;\">\n<li>prawo \u017c\u0105dania od nas dost\u0119pu do swoich Danych, prawo do ich sprostowania lub usuni\u0119cia (\u201eprawo do bycia zapomnianym\u201d);<\/li>\n<li>prawo do wniesienia sprzeciwu z przyczyn zwi\u0105zanych z Twoj\u0105 szczeg\u00f3ln\u0105 sytuacj\u0105, je\u017celi Twoje Dane przetwarzamy na podstawie prawnie uzasadnionego interesu. Jednak\u017ce b\u0119dziemy dalej przetwarza\u0107 te Dane w niezb\u0119dnym zakresie, w przypadku zaistnienia uzasadnionego powodu;<\/li>\n<li>prawo do przenoszenia lub ograniczenia Danych przetwarzanych w zwi\u0105zku z wykonaniem umowy lub na podstawie Twojej zgody;<\/li>\n<li>je\u017celi podstaw\u0105 przetwarzania Danych jest Twoja zgoda, przys\u0142uguje Ci prawo do cofni\u0119cia tej zgody w dowolnym momencie. Cofni\u0119cie zgody nie wp\u0142ywa jednak na zgodno\u015b\u0107 z prawem przetwarzania przez nas Danych, kt\u00f3rego dokonali\u015bmy na podstawie zgody przed jej cofni\u0119ciem.<\/li>\n<\/ul>\n<p>Wi\u0119cej informacji na temat Twoich praw w kontek\u015bcie danych osobowych mo\u017cesz znale\u017a\u0107 na tej stronie internetowej: <a href=\"https:\/\/uodo.gov.pl\/pl\/p\/dla-obywatela\">https:\/\/uodo.gov.pl\/pl\/p\/dla-obywatela<\/a>.<br \/>\nJe\u017celi uwa\u017casz, \u017ce przetwarzanie przez nas Twoich Danych narusza prawo, mo\u017cesz wnie\u015b\u0107 skarg\u0119 do Prezesa Urz\u0119du Ochrony Danych Osobowych. Wi\u0119cej informacji na temat z\u0142o\u017cenia skargi mo\u017cesz znale\u017a\u0107 tutaj: <a href=\"https:\/\/uodo.gov.pl\/pl\/83\/155\">https:\/\/uodo.gov.pl\/pl\/83\/155<\/a>.<\/p>\n<h2 style=\"margin-top: 30px;\">Zautomatyzowane podejmowanie decyzji<\/h2>\n<p>Nie podejmujemy decyzji w spos\u00f3b zautomatyzowany, w tym za pomoc\u0105 profilowania.<\/p>\n<h2 style=\"margin-top: 30px;\">Kontakt z sprawach dotycz\u0105cych przetwarzania przez nas Danych<\/h2>\n<p>Podczas przetwarzania Danych staramy si\u0119 zachowa\u0107 najwy\u017cszy standard ochrony Twojej prywatno\u015bci.<br \/>\nW przypadku jakichkolwiek pyta\u0144 lub uwag dotycz\u0105cych ochrony Twoich Danych lub gdyby\u015b chcia\u0142 skorzysta\u0107 z przys\u0142uguj\u0105cych Ci praw wynikaj\u0105cych z RODO mo\u017cesz si\u0119 z nami skontaktowa\u0107 wysy\u0142aj\u0105c wiadomo\u015b\u0107 e-mail na adres: <a href=\"mailto:wtw@wtw.waw.pl\">wtw@wtw.waw.pl<\/a>.<br \/>\nPami\u0119taj o podaniu Twoich danych kontaktowych oraz preferowanej formy kontaktu. Dzi\u0119ki temu sprawniej odpowiemy na Twoje pytania i \u017c\u0105dania.<\/p>\n<h2 style=\"margin-top: 30px;\">Pliki cookies<\/h2>\n<p>Strona u\u017cywa plik\u00f3w cookies. Cookies to ma\u0142e pliki tekstowe, kt\u00f3re s\u0105 umieszczane na komputerze u\u017cytkownika przez odwiedzane przez niego strony internetowe. S\u0105 one powszechnie stosowane w celu zapewnienia lepszego lub bardziej efektywnego dzia\u0142ania us\u0142ug online. Stosowanie plik\u00f3w cookie jest obecnie standardem rynkowym. Pliki cookie mog\u0105 pochodzi\u0107 od nas (&#8222;pliki cookie pierwszej strony&#8221;) lub od stron trzecich, z kt\u00f3rych us\u0142ug korzystamy (&#8222;pliki cookie stron trzecich&#8221;). Niekt\u00f3re informacje przechowywane w plikach cookie (np. dotycz\u0105ce preferencji u\u017cytkownika), zw\u0142aszcza w po\u0142\u0105czeniu z innymi informacjami o u\u017cytkowniku, mog\u0105 by\u0107 traktowane jako dane osobowe. Dane osobowe gromadzone za pomoc\u0105 plik\u00f3w cookies mog\u0105 by\u0107 przetwarzane wy\u0142\u0105cznie w celu realizacji okre\u015blonych funkcji na Twoj\u0105 rzecz. Dane te s\u0105 zaszyfrowane w spos\u00f3b uniemo\u017cliwiaj\u0105cy dost\u0119p do nich osobom nieupowa\u017cnionym. Niekt\u00f3re funkcjonalno\u015bci mog\u0105 nie dzia\u0142a\u0107 prawid\u0142owo, je\u015bli pliki cookie s\u0105 wy\u0142\u0105czone.<\/p>\n<h2 style=\"margin-top: 30px;\">Cel wykorzystywania plik\u00f3w cookies<\/h2>\n<p>Mo\u017cemy korzysta\u0107 z informacji zbieranych za po\u015brednictwem technologii plik\u00f3w cookie m.in. dla nast\u0119puj\u0105cych cel\u00f3w:<\/p>\n<ol style=\"list-style-type: lower-alpha; padding-left: 30px !important;\">\n<li>zapami\u0119tanie informacji o u\u017cytkowniku, aby nie trzeba by\u0142o ich ponownie wprowadza\u0107,<\/li>\n<li>rozumienie sposobu korzystania ze Strony i interakcji z ni\u0105 tak aby dostosowa\u0107 Stron\u0119 do preferencji u\u017cytkownika,<\/li>\n<li>zarz\u0105dza\u0107 i mierzy\u0107 u\u017cyteczno\u015b\u0107 Strony, <\/li>\n<li>zrozumie\u0107 skuteczno\u015b\u0107 naszej komunikacji oraz <\/li>\n<li>w inny spos\u00f3b ulepsza\u0107 nasze us\u0142ugi.<\/li>\n<\/ol>\n<h2 style=\"margin-top: 30px;\">Zarz\u0105dzanie Cookie<\/h2>\n<p>Mo\u017cesz zmieni\u0107 ustawienia cookies za po\u015brednictwem ustawie\u0144 Twojej przegl\u0105darki. Wi\u0119kszo\u015b\u0107 przegl\u0105darek internetowych jest skonfigurowana w spos\u00f3b umo\u017cliwiaj\u0105cy automatyczn\u0105 akceptacj\u0119 plik\u00f3w cookie. Mo\u017cesz jednak zmieni\u0107 ustawienia swojej przegl\u0105darki tak, aby pliki cookies by\u0142y blokowane &#8211; w ca\u0142o\u015bci lub w cz\u0119\u015bci, np. aby blokowa\u0107 cookie podmiot\u00f3w trzecich, lub aby\u015b otrzymywa\u0142 komunikat za ka\u017cdym razem, gdy pliki cookies s\u0105 wysy\u0142ane do Twojego urz\u0105dzenia. Wskaz\u00f3wki dotycz\u0105ce sposobu kontrolowania plik\u00f3w cookie w popularnych przegl\u0105darkach mo\u017cna znale\u017a\u0107 poni\u017cej. Google Chrome Mozilla Firefox MacOS Safari Microsoft Edge. Wi\u0119cej informacji mo\u017cesz znale\u017a\u0107 np. na stronach: <a href=\"https:\/\/www.aboutcookies.org\/\">https:\/\/www.aboutcookies.org\/<\/a> lub <a href=\"https:\/\/www.cookiecentral.com\/faq\/\">https:\/\/www.cookiecentral.com\/faq\/<\/a>.<\/p>\n<h2 style=\"margin-top: 30px;\">Aktualna wersja Polityki prywatno\u015bci <\/h2>\n<p style=\"margin-bottom: 50px;\">Polityka Prywatno\u015bci stanowi aktualn\u0105 na 15 grudnia 2023 roku informacj\u0119 o przetwarzaniu przez nas Twoich Danych.<\/p>\n","protected":false},"excerpt":{"rendered":"<p>Administrator danych Ten dokument (\u201cPolityka prywatno\u015bci\u201d) opisuje to w jaki spos\u00f3b Warszawskie Towarzystwo Wio\u015blarskie z siedzib\u0105 w Warszawie, adres: ul. Zaruskiego 12, 00-468 Warszawa, wpisan\u0105 do Rejestru Stowarzysze\u0144 prowadzonego przez S\u0105d Rejonowy dla m.st. Warszawy, XII Wydzia\u0142 Gospodarczy Krajowego Rejestru S\u0105dowego pod numerem KRS 000070956, posiadaj\u0105cej NIP 5260001269 (\u201cMy\/Administrator\u201d) przetwarza dane osobowe (\u201cDane\u201d) naszych cz\u0142onk\u00f3w, [&hellip;]<\/p>\n","protected":false},"author":1,"featured_media":0,"parent":0,"menu_order":0,"comment_status":"closed","ping_status":"closed","template":"","meta":{"_acf_changed":false,"footnotes":""},"class_list":["post-20404","page","type-page","status-publish","hentry"],"acf":[],"_links":{"self":[{"href":"https:\/\/wpserwis.cfolks.pl\/r2\/wp-json\/wp\/v2\/pages\/20404","targetHints":{"allow":["GET"]}}],"collection":[{"href":"https:\/\/wpserwis.cfolks.pl\/r2\/wp-json\/wp\/v2\/pages"}],"about":[{"href":"https:\/\/wpserwis.cfolks.pl\/r2\/wp-json\/wp\/v2\/types\/page"}],"author":[{"embeddable":true,"href":"https:\/\/wpserwis.cfolks.pl\/r2\/wp-json\/wp\/v2\/users\/1"}],"replies":[{"embeddable":true,"href":"https:\/\/wpserwis.cfolks.pl\/r2\/wp-json\/wp\/v2\/comments?post=20404"}],"version-history":[{"count":0,"href":"https:\/\/wpserwis.cfolks.pl\/r2\/wp-json\/wp\/v2\/pages\/20404\/revisions"}],"wp:attachment":[{"href":"https:\/\/wpserwis.cfolks.pl\/r2\/wp-json\/wp\/v2\/media?parent=20404"}],"curies":[{"name":"wp","href":"https:\/\/api.w.org\/{rel}","templated":true}]}}