{"id":37636,"date":"2025-11-27T15:49:03","date_gmt":"2025-11-27T14:49:03","guid":{"rendered":"https:\/\/wpserwis.cfolks.pl\/r2\/?post_type=projekt&#038;p=37636"},"modified":"2025-12-19T19:11:49","modified_gmt":"2025-12-19T18:11:49","slug":"impreza-sportowa-pelnosprawni","status":"publish","type":"projekt","link":"https:\/\/wpserwis.cfolks.pl\/r2\/projekt\/impreza-sportowa-pelnosprawni\/","title":{"rendered":"Impreza sportowa Pe\u0142nosprawni"},"content":{"rendered":"<p>Uczestnicy przebrani w specjalnie zaprojektowane koszulki odbyli trening og\u00f3lnorozwojowy na si\u0142owni oraz przyspieszony kurs wio\u015blarstwa na ergometrach pod okiem naszych wykwalifikowanych trener\u00f3w Marii Wierzbowskiej, Sylwii Li\u015bkiewicz, Miko\u0142aja Kota oraz Marcina Brzezi\u0144skiego. Po chwili przerwy na uzupe\u0142nienie si\u0142, p\u0142yn\u00f3w oraz kalorii rozpocz\u0119\u0142a si\u0119 najbardziej wyczekiwana cz\u0119\u015b\u0107 imprezy tj. zawody na ergometrach wio\u015blarskich. Przeprowadzone zosta\u0142y w 4 kategoriach \u2013 kobiety z niepe\u0142nosprawno\u015bciami, m\u0119\u017cczy\u017ani z niepe\u0142nosprawno\u015bciami, kobiety opiekunowie oraz m\u0119\u017cczy\u017ani opiekunowie. Emocji nie brakowa\u0142o, a ha\u0142as p\u0142yn\u0105cy z kibicowania ni\u00f3s\u0142 si\u0119 po ca\u0142ej Wi\u015ble. Aby doceni\u0107 wysi\u0142ek i zaanga\u017cowanie, wszyscy startuj\u0105cy otrzymali pami\u0105tkowe medale. Po zako\u0144czeniu zmaga\u0144 og\u0142oszono oficjalne wyniki oraz uhonorowano zwyci\u0119zc\u00f3w okoliczno\u015bciowymi pucharami oraz nagrodami rzeczowymi.<\/p>\n<h3>Wyniki zawod\u00f3w:<\/h3>\n<h4>Kategoria kobiety z niepe\u0142nosprawno\u015bciami:<\/h4>\n<ol>\n<li>Regina Lachowska \u2013 374 metry<\/li>\n<li>Wiktoria Kot \u2013 364 metry<\/li>\n<li>Ula Zaleska \u2013 362 metry<\/li>\n<\/ol>\n<h4>Kategoria m\u0119\u017cczy\u017ani z niepe\u0142nosprawno\u015bciami:<\/h4>\n<ol>\n<li>Rafa\u0142 Korzeniewski \u2013 520 metr\u00f3w<\/li>\n<li>Krystian Wasik \u2013 467 metr\u00f3w<\/li>\n<li>Kamil Ahmed \u2013 463 metry<\/li>\n<\/ol>\n<h4>Kategoria opiekunowie kobiety:<\/h4>\n<ol>\n<li>Wanda Lachowska \u2013 367 metr\u00f3w (po dogrywce)<\/li>\n<li>Magdalena Sawicka \u2013 367metr\u00f3w<\/li>\n<li>Lidia Florczy\u0144ska \u2013 331 metr\u00f3w<\/li>\n<\/ol>\n<h4>Kategoria opiekunowie m\u0119\u017cczy\u017ani:<\/h4>\n<ol>\n<li>Konrad Irla \u2013 478 metr\u00f3w<\/li>\n<li>Krzysztof Zaleski \u2013 456 metr\u00f3w<\/li>\n<li>Micha\u0142 Hetma\u0144czyk 453 metry<\/li>\n<\/ol>\n<p>Na zako\u0144czenie imprezy ch\u0119tne osoby mog\u0142y spr\u00f3bowa\u0107 swoich si\u0142 na basenie wio\u015blarskim.<\/p>\n<p>Widz\u0105c zadowolenie na twarzach uczestnik\u00f3w jeste\u015bmy pewni, \u017ce by\u0142a to pierwsza i na pewno nie ostatnia w historii WTW impreza dla os\u00f3b z niepe\u0142nosprawno\u015bciami.<\/p>\n<p>Nale\u017cy podkre\u015bli\u0107, \u017ce w wydarzeniu brali udzia\u0142 uczestnicy z bardzo zr\u00f3\u017cnicowanymi rodzajami niepe\u0142nosprawno\u015bci oraz w r\u00f3\u017cnym wieku i wszyscy si\u0119 \u015bwietnie odnale\u017ali oraz bawili.<\/p>\n<p style=\"text-align: center;\"><strong>Impreza by\u0142a wsp\u00f3\u0142finansowana przez Ministerstwo Sportu i Turystyki w ramach Programu Upowszechniania sportu os\u00f3b z niepe\u0142nosprawno\u015bciami 2025.<\/strong><\/p>\n","protected":false},"excerpt":{"rendered":"<p>W sobot\u0119, 14.06 oko\u0142o godziny 10.00 w OSW Wio\u015blarska 6 Marcin Brzezi\u0144ski \u2013 Wiceprezes Zarz\u0105du WTW powita\u0142 uczestnik\u00f3w pierwszej w historii WTW imprezy sportowej dla os\u00f3b z niepe\u0142nosprawno\u015bciami.<\/p>\n","protected":false},"featured_media":37712,"parent":0,"menu_order":0,"template":"","format":"standard","meta":{"_acf_changed":false},"categories":[],"class_list":["post-37636","projekt","type-projekt","status-publish","format-standard","has-post-thumbnail","hentry"],"acf":[],"_links":{"self":[{"href":"https:\/\/wpserwis.cfolks.pl\/r2\/wp-json\/wp\/v2\/projekt\/37636","targetHints":{"allow":["GET"]}}],"collection":[{"href":"https:\/\/wpserwis.cfolks.pl\/r2\/wp-json\/wp\/v2\/projekt"}],"about":[{"href":"https:\/\/wpserwis.cfolks.pl\/r2\/wp-json\/wp\/v2\/types\/projekt"}],"wp:featuredmedia":[{"embeddable":true,"href":"https:\/\/wpserwis.cfolks.pl\/r2\/wp-json\/wp\/v2\/media\/37712"}],"wp:attachment":[{"href":"https:\/\/wpserwis.cfolks.pl\/r2\/wp-json\/wp\/v2\/media?parent=37636"}],"wp:term":[{"taxonomy":"category","embeddable":true,"href":"https:\/\/wpserwis.cfolks.pl\/r2\/wp-json\/wp\/v2\/categories?post=37636"}],"curies":[{"name":"wp","href":"https:\/\/api.w.org\/{rel}","templated":true}]}}